{"id":216,"date":"2021-08-02T17:30:31","date_gmt":"2021-08-02T20:30:31","guid":{"rendered":"https:\/\/ecologiaintegral.com\/?page_id=216"},"modified":"2025-01-14T16:26:39","modified_gmt":"2025-01-14T19:26:39","slug":"module-ii-chemins-de-la-transition","status":"publish","type":"page","link":"https:\/\/ecologiaintegral.com\/fr\/module-ii-chemins-de-la-transition\/","title":{"rendered":"Module II &#8211; Chemins de la Transition"},"content":{"rendered":"<p>[et_pb_section fb_built=&#8221;1&#8243; _builder_version=&#8221;4.16&#8243; _module_preset=&#8221;default&#8221; global_colors_info=&#8221;{}&#8221; theme_builder_area=&#8221;post_content&#8221;][et_pb_row column_structure=&#8221;1_2,1_2&#8243; _builder_version=&#8221;4.16&#8243; _module_preset=&#8221;default&#8221; global_colors_info=&#8221;{}&#8221; theme_builder_area=&#8221;post_content&#8221;][et_pb_column type=&#8221;1_2&#8243; _builder_version=&#8221;4.16&#8243; _module_preset=&#8221;default&#8221; global_colors_info=&#8221;{}&#8221; theme_builder_area=&#8221;post_content&#8221;][et_pb_text _builder_version=&#8221;4.16&#8243; _module_preset=&#8221;default&#8221; animation_style=&#8221;slide&#8221; global_colors_info=&#8221;{}&#8221; theme_builder_area=&#8221;post_content&#8221;]<\/p>\n<p>Ce module s&#8217;\u00e9tend sur 4 mois (de mars \u00e0 juin ou de septembre \u00e0 d\u00e9cembre), avec 13 rencontres hebdomadaires en ligne, 3 heures chacune, en direct.<\/p>\n<p>Le contenu des rencontres est organis\u00e9 selon les cycles lunaires. Cela permet au groupe de s&#8217;aligner sur un \u00e9l\u00e9ment qui lui est ext\u00e9rieur et qui vient de la nature, ce qui aide \u00e0 r\u00e9guler et \u00e0 encourager l&#8217;auto-observation et stimule la dynamique collective.<span style=\"font-family: Open Sans, serif; font-size: small;\">\u00a0<\/span><\/p>\n<p><span style=\"font-family: Open Sans, serif; font-size: small;\"><\/span><\/p>\n<p>[\/et_pb_text][et_pb_video src=&#8221;https:\/\/youtu.be\/32Zoq8MM4o4&#8243; play_icon_color=&#8221;#A84C1E&#8221; thumbnail_overlay_color=&#8221;#C0580B&#8221; _builder_version=&#8221;4.16&#8243; _module_preset=&#8221;default&#8221; animation_style=&#8221;bounce&#8221; border_radii=&#8221;on|10px|10px|10px|10px&#8221; border_width_all=&#8221;8px&#8221; border_color_all=&#8221;#A84C1E&#8221; locked=&#8221;off&#8221; global_colors_info=&#8221;{}&#8221; theme_builder_area=&#8221;post_content&#8221;][\/et_pb_video][\/et_pb_column][et_pb_column type=&#8221;1_2&#8243; _builder_version=&#8221;4.16&#8243; _module_preset=&#8221;default&#8221; global_colors_info=&#8221;{}&#8221; theme_builder_area=&#8221;post_content&#8221;][et_pb_text _builder_version=&#8221;4.16&#8243; _module_preset=&#8221;default&#8221; animation_style=&#8221;slide&#8221; global_colors_info=&#8221;{}&#8221; theme_builder_area=&#8221;post_content&#8221;]<\/p>\n<p><span style=\"font-size: 14px;\">Avec la nouvelle lune, nous avons l&#8217;occasion de prendre un nouveau d\u00e9part, avec la lune croissante, nous avons le temps de structurer et de prendre forme, avec la pleine lune, nous avons l&#8217;occasion de r\u00e9colter et d&#8217;\u00e9valuer, et avec la lune d\u00e9croissante, nous avons l&#8217;espace pour cl\u00f4turer les situations non-r\u00e9solues.<\/span><strong><\/strong><\/p>\n<p><strong> <\/strong><\/p>\n<p><strong>Ce module inclut:<\/strong><\/p>\n<p><strong><\/strong><\/p>\n<ul>\n<li>\n<p>39 heures de r\u00e9unions virtuelles en direct (avec des invit\u00e9s sp\u00e9ciaux, des vid\u00e9os de la collection de l&#8217;\u00c9cole, des cercles de partage et des exercices qui font appel \u00e0 nos intelligences mentale, \u00e9motionnelle, corporelle et spirituelle, entre autres activit\u00e9s) ;<\/p>\n<\/li>\n<li>\n<p>Acc\u00e8s \u00e0 une plateforme virtuelle avec de nouveaux supports d&#8217;apprentissage disponibles \u00e0 chaque session : vid\u00e9os, articles, activit\u00e9s pratiques pour mobiliser les quatre intelligences, conseils pour des rituels d&#8217;auto-observation, m\u00e9ditations guid\u00e9es, etc ;<\/p>\n<\/li>\n<li>\n<p>Acc\u00e8s \u00e0 un chat en ligne instantan\u00e9 avec le groupe \u00e0 tout moment et participation \u00e0 un groupe plus restreint suppl\u00e9mentaire organis\u00e9 autour de l&#8217;affinit\u00e9 de chacun avec les \u00e9l\u00e9ments Eau, Feu, Terre et Air ;<\/p>\n<\/li>\n<li>\n<p><span style=\"font-size: 14px;\">Un soutien personnalis\u00e9 pendant le cours par des participants qui sont des &#8220;gardiens du champ subtil de l&#8217;\u00e9gr\u00e9gore&#8221;.<\/span><\/p>\n<\/li>\n<\/ul>\n<p>Afin de compl\u00e9ter la formation, une immersion en pr\u00e9sentiel avec le groupe est obligatoire au si\u00e8ge de l&#8217;Ecole (Bahia, Br\u00e9sil) ou dans un lieu partenaire. Le co\u00fbt du s\u00e9jour sur place n&#8217;est pas inclus dans le prix de la formation.<\/p>\n<p>[\/et_pb_text][\/et_pb_column][\/et_pb_row][\/et_pb_section][et_pb_section fb_built=&#8221;1&#8243; _builder_version=&#8221;4.16&#8243; _module_preset=&#8221;default&#8221; background_color=&#8221;#ac3e02&#8243; custom_padding=&#8221;32px|||||&#8221; global_colors_info=&#8221;{}&#8221; theme_builder_area=&#8221;post_content&#8221;][et_pb_row _builder_version=&#8221;4.16&#8243; _module_preset=&#8221;default&#8221; global_colors_info=&#8221;{}&#8221; theme_builder_area=&#8221;post_content&#8221;][et_pb_column type=&#8221;4_4&#8243; _builder_version=&#8221;4.16&#8243; _module_preset=&#8221;default&#8221; global_colors_info=&#8221;{}&#8221; theme_builder_area=&#8221;post_content&#8221;][et_pb_text _builder_version=&#8221;4.16&#8243; _module_preset=&#8221;default&#8221; text_text_color=&#8221;#FFFFFF&#8221; header_2_font=&#8221;|700|||||||&#8221; header_2_text_align=&#8221;center&#8221; header_2_text_color=&#8221;#ffbd36&#8243; text_orientation=&#8221;center&#8221; animation_style=&#8221;slide&#8221; global_colors_info=&#8221;{}&#8221; theme_builder_area=&#8221;post_content&#8221;]<\/p>\n<h2>Les rencontres<\/h2>\n<p>Les s\u00e9ances sont g\u00e9n\u00e9ralement organis\u00e9es en 4 phases:[\/et_pb_text][\/et_pb_column][\/et_pb_row][et_pb_row column_structure=&#8221;1_4,1_4,1_4,1_4&#8243; use_custom_gutter=&#8221;on&#8221; gutter_width=&#8221;2&#8243; _builder_version=&#8221;4.16&#8243; _module_preset=&#8221;default&#8221; global_colors_info=&#8221;{}&#8221; theme_builder_area=&#8221;post_content&#8221;][et_pb_column type=&#8221;1_4&#8243; _builder_version=&#8221;4.16&#8243; _module_preset=&#8221;default&#8221; global_colors_info=&#8221;{}&#8221; theme_builder_area=&#8221;post_content&#8221;][et_pb_text _builder_version=&#8221;4.16&#8243; _module_preset=&#8221;default&#8221; text_text_color=&#8221;#FFFFFF&#8221; background_enable_color=&#8221;off&#8221; custom_padding=&#8221;25px|25px|50px|25px|false|false&#8221; animation_style=&#8221;slide&#8221; border_radii=&#8221;on|10px|10px|10px|10px&#8221; border_width_all=&#8221;2px&#8221; border_color_all=&#8221;#ffbd36&#8243; global_colors_info=&#8221;{}&#8221; theme_builder_area=&#8221;post_content&#8221;]<\/p>\n<p><strong>Introduction:<\/strong> un cercle d&#8217;ouverture pour recevoir les participants, une m\u00e9ditation pour connecter le groupe \u00e0 travers une vibration \u00e9nerg\u00e9tique partag\u00e9e et une pr\u00e9sentation de la rencontre.<\/p>\n<p>[\/et_pb_text][\/et_pb_column][et_pb_column type=&#8221;1_4&#8243; _builder_version=&#8221;4.16&#8243; _module_preset=&#8221;default&#8221; global_colors_info=&#8221;{}&#8221; theme_builder_area=&#8221;post_content&#8221;][et_pb_text _builder_version=&#8221;4.16&#8243; _module_preset=&#8221;default&#8221; text_text_color=&#8221;#FFFFFF&#8221; background_enable_color=&#8221;off&#8221; custom_padding=&#8221;25px|25px|49px|25px|false|false&#8221; animation_style=&#8221;slide&#8221; border_radii=&#8221;on|10px|10px|10px|10px&#8221; border_width_all=&#8221;2px&#8221; border_color_all=&#8221;#ffbd36&#8243; global_colors_info=&#8221;{}&#8221; theme_builder_area=&#8221;post_content&#8221;]<\/p>\n<p><span>Partages sur le\u00a0<\/span><strong>th\u00e8me du jour<\/strong><span>\u00a0avec intervenants en pr\u00e9sentiel ou en vid\u00e9os. Temps d\u2019\u00e9change\/ discussion.<\/span><span><\/span><\/p>\n<p><span><\/span><\/p>\n<p><span><\/span><\/p>\n<p><span><\/span><\/p>\n<p>[\/et_pb_text][\/et_pb_column][et_pb_column type=&#8221;1_4&#8243; _builder_version=&#8221;4.16&#8243; _module_preset=&#8221;default&#8221; global_colors_info=&#8221;{}&#8221; theme_builder_area=&#8221;post_content&#8221;][et_pb_text _builder_version=&#8221;4.16&#8243; _module_preset=&#8221;default&#8221; text_text_color=&#8221;#FFFFFF&#8221; background_enable_color=&#8221;off&#8221; custom_padding=&#8221;25px|25px|25px|25px|false|false&#8221; animation_style=&#8221;slide&#8221; border_radii=&#8221;on|10px|10px|10px|10px&#8221; border_width_all=&#8221;2px&#8221; border_color_all=&#8221;#ffbd36&#8243; global_colors_info=&#8221;{}&#8221; theme_builder_area=&#8221;post_content&#8221;]<\/p>\n<p><strong>Cercles de partage<\/strong><span>\u00a0en relation avec le th\u00e8me du jour, en \u201cgroupe d\u2019\u00e9l\u00e9ments\u201d (Air, Feu, Terre ou Terre) ou en bin\u00f4me.<\/span><\/p>\n<p><span><\/span><\/p>\n<p><span><\/span><\/p>\n<p><span><\/span><\/p>\n<p><span><\/span><\/p>\n<p><span><\/span><\/p>\n<p>[\/et_pb_text][\/et_pb_column][et_pb_column type=&#8221;1_4&#8243; _builder_version=&#8221;4.16&#8243; _module_preset=&#8221;default&#8221; global_colors_info=&#8221;{}&#8221; theme_builder_area=&#8221;post_content&#8221;][et_pb_text _builder_version=&#8221;4.16&#8243; _module_preset=&#8221;default&#8221; text_text_color=&#8221;#FFFFFF&#8221; background_enable_color=&#8221;off&#8221; custom_padding=&#8221;25px|25px|94px|25px|false|false&#8221; animation_style=&#8221;slide&#8221; border_radii=&#8221;on|10px|10px|10px|10px&#8221; border_width_all=&#8221;2px&#8221; border_color_all=&#8221;#ffbd36&#8243; global_colors_info=&#8221;{}&#8221; theme_builder_area=&#8221;post_content&#8221;]<\/p>\n<p><strong>Conclusion<\/strong> : activit\u00e9s cr\u00e9atives et\/ou corporelles, prochaines \u00e9tapes et cl\u00f4ture de la r\u00e9union.<\/p>\n<p>&nbsp;<\/p>\n<p>[\/et_pb_text][\/et_pb_column][\/et_pb_row][\/et_pb_section][et_pb_section fb_built=&#8221;1&#8243; _builder_version=&#8221;4.16&#8243; _module_preset=&#8221;default&#8221; global_colors_info=&#8221;{}&#8221; theme_builder_area=&#8221;post_content&#8221;][et_pb_row column_structure=&#8221;1_2,1_2&#8243; _builder_version=&#8221;4.16&#8243; _module_preset=&#8221;default&#8221; global_colors_info=&#8221;{}&#8221; theme_builder_area=&#8221;post_content&#8221;][et_pb_column type=&#8221;1_2&#8243; _builder_version=&#8221;4.16&#8243; _module_preset=&#8221;default&#8221; global_colors_info=&#8221;{}&#8221; theme_builder_area=&#8221;post_content&#8221;][et_pb_text _builder_version=&#8221;4.16&#8243; _module_preset=&#8221;default&#8221; animation_style=&#8221;slide&#8221; global_colors_info=&#8221;{}&#8221; theme_builder_area=&#8221;post_content&#8221;]<\/p>\n<p>Entre chaque rencontre, nous proposons des activit\u00e9s sp\u00e9cifiques individuelles et de groupe qui mobilisent les quatre intelligences afin de favoriser la connexion du groupe \u00e0 distance et ainsi la cr\u00e9ation d&#8217;\u00e9gr\u00e9gore, ou communaut\u00e9 intentionnelle. Cette connexion au niveau collectif agit comme un catalyseur de changement au niveau individuel, tout comme les changements individuels enrichissent le processus de groupe ;<\/p>\n<p>Les r\u00e9unions ont lieu via la plateforme Zoom, qui permet la cr\u00e9ation de groupes de discussion Terre, Feu, Eau et Air.<\/p>\n<p>&nbsp;<\/p>\n<h2><strong>Th\u00e8mes abord\u00e9s par r\u00e9union:<\/strong><\/h2>\n<p>[\/et_pb_text][et_pb_blurb title=&#8221;1\u00e8re rencontre&#8221; use_icon=&#8221;on&#8221; font_icon=&#8221;&#x49;||divi||400&#8243; icon_placement=&#8221;left&#8221; image_icon_width=&#8221;24px&#8221; _builder_version=&#8221;4.16&#8243; _module_preset=&#8221;default&#8221; header_font=&#8221;|700|||||||&#8221; header_font_size=&#8221;20px&#8221; header_line_height=&#8221;1.2em&#8221; custom_margin=&#8221;||14px|||&#8221; animation_style=&#8221;slide&#8221; animation_direction=&#8221;left&#8221; icon_font_size=&#8221;24px&#8221; global_colors_info=&#8221;{}&#8221; theme_builder_area=&#8221;post_content&#8221;]<\/p>\n<p>Pr\u00e9sentation du module II, des participants et de leurs attentes. Identification des talents qui peuvent \u00eatre partag\u00e9s et valoris\u00e9s tout au long du cours. Explication de la m\u00e9thodologie ESI sur la base de la physique quantique et du paradigme holistique. Evaluation des impacts du Module I sur la vie de chacun.e. Faire l\u2019exp\u00e9rience de la joie en dessinant.<\/p>\n<p>[\/et_pb_blurb][et_pb_blurb title=&#8221;2\u00e8me rencontre\u00a0&#8221; use_icon=&#8221;on&#8221; font_icon=&#8221;&#x49;||divi||400&#8243; icon_placement=&#8221;left&#8221; image_icon_width=&#8221;24px&#8221; _builder_version=&#8221;4.16&#8243; _module_preset=&#8221;default&#8221; header_font=&#8221;|700|||||||&#8221; header_font_size=&#8221;20px&#8221; header_line_height=&#8221;1.2em&#8221; custom_margin=&#8221;||13px|||&#8221; animation_style=&#8221;slide&#8221; animation_direction=&#8221;left&#8221; icon_font_size=&#8221;24px&#8221; global_colors_info=&#8221;{}&#8221; theme_builder_area=&#8221;post_content&#8221;]<\/p>\n<p>Approfondir la compr\u00e9hension de la physique quantique, avec Marcos Queiroz. Quels sont les \u00e9l\u00e9ments (feu, eau, air et terre) qui interpellent chaque personne en ce moment et pourquoi\u00a0? Organisation du leadership circulaire des rencontres. Communication non verbale dans une communaut\u00e9 internationale. Faire l\u2019exp\u00e9rience de la joie par le mime.<\/p>\n<p>*Attention, changement d&#8217;horaire en raison du d\u00e9but de l&#8217;\u00e9t\u00e9.*<\/p>\n<p>[\/et_pb_blurb][et_pb_blurb title=&#8221;3\u00e8me rencontre&#8221; use_icon=&#8221;on&#8221; font_icon=&#8221;&#x49;||divi||400&#8243; icon_placement=&#8221;left&#8221; image_icon_width=&#8221;24px&#8221; _builder_version=&#8221;4.16&#8243; _module_preset=&#8221;default&#8221; header_font=&#8221;|700|||||||&#8221; header_font_size=&#8221;21px&#8221; header_line_height=&#8221;1.2em&#8221; custom_margin=&#8221;||11px|||&#8221; animation_style=&#8221;slide&#8221; animation_direction=&#8221;left&#8221; icon_font_size=&#8221;24px&#8221; global_colors_info=&#8221;{}&#8221; theme_builder_area=&#8221;post_content&#8221;]<\/p>\n<p>L&#8217;humanit\u00e9 en \u00e9volution : Histoire int\u00e9grale. Le d\u00e9fi d&#8217;int\u00e9grer les hypoth\u00e8ses de l&#8217;histoire int\u00e9grale dans les plans personnels de transition. Faire l\u2019exp\u00e9rience de la joie par la danse.<\/p>\n<p>[\/et_pb_blurb][et_pb_blurb title=&#8221;4\u00e8me rencontre&#8221; use_icon=&#8221;on&#8221; font_icon=&#8221;&#x49;||divi||400&#8243; icon_placement=&#8221;left&#8221; image_icon_width=&#8221;24px&#8221; _builder_version=&#8221;4.16&#8243; _module_preset=&#8221;default&#8221; header_font=&#8221;|700|||||||&#8221; header_font_size=&#8221;20px&#8221; header_line_height=&#8221;1.2em&#8221; custom_margin=&#8221;||12px|||&#8221; animation_style=&#8221;slide&#8221; animation_direction=&#8221;left&#8221; icon_font_size=&#8221;24px&#8221; global_colors_info=&#8221;{}&#8221; theme_builder_area=&#8221;post_content&#8221; custom_padding=&#8221;1px|||||&#8221;]<\/p>\n<p>Histoire int\u00e9grale (suite et fin). La voie humaine vers l&#8217;\u00e9quilibre des \u00e9nergies Yin et Yang. Histoire int\u00e9grale \u00e0 partir de nous-m\u00eames : notre pass\u00e9 familial et les cons\u00e9quences de celui-ci sur notre place dans le monde. Faire l\u2019exp\u00e9rience de la joie par la musique.<\/p>\n<p>[\/et_pb_blurb][et_pb_blurb title=&#8221;5\u00e8me rencontre&#8221; use_icon=&#8221;on&#8221; font_icon=&#8221;&#x49;||divi||400&#8243; icon_placement=&#8221;left&#8221; image_icon_width=&#8221;24px&#8221; _builder_version=&#8221;4.16&#8243; _module_preset=&#8221;default&#8221; header_font=&#8221;|700|||||||&#8221; header_font_size=&#8221;20px&#8221; header_line_height=&#8221;1.2em&#8221; custom_margin=&#8221;||10px|||&#8221; animation_style=&#8221;slide&#8221; animation_direction=&#8221;left&#8221; icon_font_size=&#8221;24px&#8221; global_colors_info=&#8221;{}&#8221; theme_builder_area=&#8221;post_content&#8221;]<\/p>\n<p>La dynamique du champ subtil avec Joana Galo. Y a-t-il des lois qui r\u00e9gissent le champ subtil ? Comment les diff\u00e9rentes traditions de sagesse comprennent la dynamique subtile. Pratiques personnelles de connexion avec le champ subtil. Faire l\u2019exp\u00e9rience de la joie par le rire.<\/p>\n<p>[\/et_pb_blurb][\/et_pb_column][et_pb_column type=&#8221;1_2&#8243; _builder_version=&#8221;4.16&#8243; _module_preset=&#8221;default&#8221; global_colors_info=&#8221;{}&#8221; theme_builder_area=&#8221;post_content&#8221;][et_pb_blurb title=&#8221;6\u00e8me rencontre&#8221; use_icon=&#8221;on&#8221; font_icon=&#8221;&#x49;||divi||400&#8243; icon_placement=&#8221;left&#8221; image_icon_width=&#8221;24px&#8221; _builder_version=&#8221;4.16&#8243; _module_preset=&#8221;default&#8221; header_font=&#8221;|700|||||||&#8221; header_font_size=&#8221;20px&#8221; header_line_height=&#8221;1.2em&#8221; custom_margin=&#8221;||11px|||&#8221; animation_style=&#8221;slide&#8221; animation_direction=&#8221;right&#8221; icon_font_size=&#8221;24px&#8221; global_colors_info=&#8221;{}&#8221; theme_builder_area=&#8221;post_content&#8221;]<\/p>\n<p>Exp\u00e9riences PERSONNELLES de transition vers de nouveaux paradigmes : nouveaux modes de vie, r\u00e9alisation de la coh\u00e9rence int\u00e9rieure, apprentissage et l&#8217;amour inconditionnel, accueil de la dimension subtile de la vie, etc. Faire l\u2019exp\u00e9rience de la joie par le go\u00fbt.<\/p>\n<p>[\/et_pb_blurb][et_pb_blurb title=&#8221;7\u00e8me rencontre&#8221; use_icon=&#8221;on&#8221; font_icon=&#8221;&#x49;||divi||400&#8243; icon_placement=&#8221;left&#8221; image_icon_width=&#8221;24px&#8221; _builder_version=&#8221;4.16&#8243; _module_preset=&#8221;default&#8221; header_font=&#8221;|700|||||||&#8221; header_font_size=&#8221;20px&#8221; header_line_height=&#8221;1.2em&#8221; custom_margin=&#8221;||13px|||&#8221; animation_style=&#8221;slide&#8221; animation_direction=&#8221;right&#8221; icon_font_size=&#8221;24px&#8221; global_colors_info=&#8221;{}&#8221; theme_builder_area=&#8221;post_content&#8221;]<\/p>\n<p>Exp\u00e9riences COLLECTIVES de transition vers de nouveaux paradigmes\u00a0: nouveaux modes de gouvernance, r\u00e9alisation de la coh\u00e9rence de groupe, apprentissage de la vie communautaire, d\u00e9veloppement d\u2019intentions collectives dans la dimension subtile de la vie. Faire l\u2019exp\u00e9rience de la joie par l\u2019enfance.<\/p>\n<p>[\/et_pb_blurb][et_pb_blurb title=&#8221;8\u00e8me rencontre&#8221; use_icon=&#8221;on&#8221; font_icon=&#8221;&#x49;||divi||400&#8243; icon_placement=&#8221;left&#8221; image_icon_width=&#8221;24px&#8221; _builder_version=&#8221;4.16&#8243; _module_preset=&#8221;default&#8221; header_font=&#8221;|700|||||||&#8221; header_font_size=&#8221;20px&#8221; header_line_height=&#8221;1.2em&#8221; custom_margin=&#8221;||19px|||&#8221; animation_style=&#8221;slide&#8221; animation_direction=&#8221;right&#8221; icon_font_size=&#8221;24px&#8221; global_colors_info=&#8221;{}&#8221; theme_builder_area=&#8221;post_content&#8221;]<\/p>\n<p>L\u2019apprentissage INTELLECTUEL des nouveaux paradigmes\u00a0: nouveaux concepts, nouvelles th\u00e9ories, nouvelles m\u00e9thodologies, etc&#8230; Faire l\u2019exp\u00e9rience de la joie par le toucher.<\/p>\n<p>[\/et_pb_blurb][et_pb_blurb title=&#8221;9\u00e8me rencontre&#8221; use_icon=&#8221;on&#8221; font_icon=&#8221;&#x49;||divi||400&#8243; icon_placement=&#8221;left&#8221; image_icon_width=&#8221;24px&#8221; _builder_version=&#8221;4.16&#8243; _module_preset=&#8221;default&#8221; header_font=&#8221;|700|||||||&#8221; header_font_size=&#8221;20px&#8221; header_line_height=&#8221;1.2em&#8221; custom_margin=&#8221;||20px|||&#8221; animation_style=&#8221;slide&#8221; animation_direction=&#8221;right&#8221; icon_font_size=&#8221;24px&#8221; global_colors_info=&#8221;{}&#8221; theme_builder_area=&#8221;post_content&#8221;]<\/p>\n<p>Approfondissement des pratiques de m\u00e9ditation : Yoga Nidra, ou relaxation en conscience. Ses effets, la fa\u00e7on de conduire la pratique. Faire l\u2019exp\u00e9rience de la joie par la beaut\u00e9.<\/p>\n<p>[\/et_pb_blurb][et_pb_blurb title=&#8221;10\u00e8me rencontre&#8221; use_icon=&#8221;on&#8221; font_icon=&#8221;&#x49;||divi||400&#8243; icon_placement=&#8221;left&#8221; image_icon_width=&#8221;24px&#8221; _builder_version=&#8221;4.16&#8243; _module_preset=&#8221;default&#8221; header_font=&#8221;|700|||||||&#8221; header_font_size=&#8221;20px&#8221; header_line_height=&#8221;1.2em&#8221; animation_style=&#8221;slide&#8221; animation_direction=&#8221;right&#8221; icon_font_size=&#8221;24px&#8221; global_colors_info=&#8221;{}&#8221; theme_builder_area=&#8221;post_content&#8221;]<\/p>\n<p>Approfondissement des pratiques de m\u00e9ditation : Antar Mouna, ou relaxation en conscience. Ses effets, la fa\u00e7on de conduire la pratique. Faire l\u2019exp\u00e9rience de la joie du partenariat.<\/p>\n<p>[\/et_pb_blurb][et_pb_blurb title=&#8221;11\u00e8me rencontre&#8221; use_icon=&#8221;on&#8221; font_icon=&#8221;&#x49;||divi||400&#8243; icon_placement=&#8221;left&#8221; image_icon_width=&#8221;24px&#8221; _builder_version=&#8221;4.16&#8243; _module_preset=&#8221;default&#8221; header_font=&#8221;|700|||||||&#8221; header_font_size=&#8221;20px&#8221; header_line_height=&#8221;1.2em&#8221; animation_style=&#8221;slide&#8221; animation_direction=&#8221;right&#8221; icon_font_size=&#8221;24px&#8221; global_colors_info=&#8221;{}&#8221; theme_builder_area=&#8221;post_content&#8221;]<\/p>\n<p>\u00c9tude des sympt\u00f4mes, des r\u00eaves et des synchronicit\u00e9s en tant qu&#8217;oracles, selon l&#8217;approche jungienne, avec un professeur invit\u00e9. Faire l\u2019exp\u00e9rience de la joie de prendre soin de soi-m\u00eame.<\/p>\n<p>[\/et_pb_blurb][et_pb_blurb title=&#8221;12\u00e8me rencontre&#8221; use_icon=&#8221;on&#8221; font_icon=&#8221;&#x49;||divi||400&#8243; icon_placement=&#8221;left&#8221; image_icon_width=&#8221;24px&#8221; _builder_version=&#8221;4.16&#8243; _module_preset=&#8221;default&#8221; header_font=&#8221;|700|||||||&#8221; header_font_size=&#8221;20px&#8221; header_line_height=&#8221;1.2em&#8221; animation_style=&#8221;slide&#8221; animation_direction=&#8221;right&#8221; icon_font_size=&#8221;24px&#8221; global_colors_info=&#8221;{}&#8221; theme_builder_area=&#8221;post_content&#8221;]<\/p>\n<p>Exp\u00e9riences de nouveaux collectifs citoyens : communaut\u00e9s vivant les nouveaux paradigmes, la dimension subtile, la dynamique r\u00e9g\u00e9n\u00e9ratrice et la dimension f\u00e9minine de la politique dans les soci\u00e9t\u00e9s alternatives. Faire l&#8217;exp\u00e9rience de la joie par la gratitude.<\/p>\n<p>[\/et_pb_blurb][et_pb_blurb title=&#8221;13\u00e8me rencontre&#8221; use_icon=&#8221;on&#8221; font_icon=&#8221;&#x49;||divi||400&#8243; icon_placement=&#8221;left&#8221; image_icon_width=&#8221;24px&#8221; _builder_version=&#8221;4.16&#8243; _module_preset=&#8221;default&#8221; header_font=&#8221;|700|||||||&#8221; header_font_size=&#8221;20px&#8221; header_line_height=&#8221;1.2em&#8221; animation_style=&#8221;slide&#8221; animation_direction=&#8221;right&#8221; icon_font_size=&#8221;24px&#8221; global_colors_info=&#8221;{}&#8221; theme_builder_area=&#8221;post_content&#8221;]<\/p>\n<p>Confraternisation par le groupe co-cr\u00e9\u00e9. Programme co-construit \u00e0 partir des propositions et de l&#8217;animation de chacun des groupes linguistiques. La fraternisation interne des groupes et la camaraderie internationale. Faire l\u2019exp\u00e9rience du partage des joies.<\/p>\n<p>[\/et_pb_blurb][\/et_pb_column][\/et_pb_row][\/et_pb_section][et_pb_section fb_built=&#8221;1&#8243; _builder_version=&#8221;4.16&#8243; _module_preset=&#8221;default&#8221; background_color=&#8221;#ffbd36&#8243; custom_padding=&#8221;60px|||||&#8221; global_colors_info=&#8221;{}&#8221; theme_builder_area=&#8221;post_content&#8221;][et_pb_row column_structure=&#8221;1_2,1_2&#8243; use_custom_gutter=&#8221;on&#8221; gutter_width=&#8221;2&#8243; _builder_version=&#8221;4.16&#8243; _module_preset=&#8221;default&#8221; custom_padding=&#8221;21px|||||&#8221; global_colors_info=&#8221;{}&#8221; theme_builder_area=&#8221;post_content&#8221;][et_pb_column type=&#8221;1_2&#8243; _builder_version=&#8221;4.16&#8243; _module_preset=&#8221;default&#8221; global_colors_info=&#8221;{}&#8221; theme_builder_area=&#8221;post_content&#8221;][et_pb_text _builder_version=&#8221;4.16&#8243; _module_preset=&#8221;default&#8221; text_text_color=&#8221;#FFFFFF&#8221; header_2_font=&#8221;|700|||||||&#8221; header_2_text_align=&#8221;left&#8221; header_2_text_color=&#8221;#ad3f03&#8243; header_2_font_size=&#8221;34px&#8221; header_2_line_height=&#8221;1.2em&#8221; text_orientation=&#8221;center&#8221; custom_margin=&#8221;||24px|||&#8221; animation_style=&#8221;slide&#8221; animation_direction=&#8221;left&#8221; header_2_font_size_tablet=&#8221;&#8221; header_2_font_size_phone=&#8221;24px&#8221; header_2_font_size_last_edited=&#8221;on|phone&#8221; global_colors_info=&#8221;{}&#8221; theme_builder_area=&#8221;post_content&#8221;]<\/p>\n<h2><span style=\"font-size: 34px;\">Principaux objectifs de ce module d&#8217;approfondissement:<\/span><\/h2>\n<p>[\/et_pb_text][et_pb_text _builder_version=&#8221;4.16&#8243; _module_preset=&#8221;default&#8221; text_text_color=&#8221;#000000&#8243; background_enable_color=&#8221;off&#8221; custom_padding=&#8221;25px|25px|25px|25px|false|false&#8221; animation_style=&#8221;slide&#8221; animation_direction=&#8221;left&#8221; border_radii=&#8221;on|10px|10px|10px|10px&#8221; border_width_all=&#8221;2px&#8221; border_color_all=&#8221;#ad3f03&#8243; global_colors_info=&#8221;{}&#8221; theme_builder_area=&#8221;post_content&#8221;]<\/p>\n<p>Comprendre plus profond\u00e9ment le paradigme holistique-quantique et int\u00e9grer le changement de paradigme dans le monde et en soi;<\/p>\n<p>[\/et_pb_text][et_pb_text _builder_version=&#8221;4.16&#8243; _module_preset=&#8221;default&#8221; text_text_color=&#8221;#000000&#8243; background_enable_color=&#8221;off&#8221; custom_padding=&#8221;25px|25px|25px|25px|false|false&#8221; animation_style=&#8221;slide&#8221; animation_direction=&#8221;left&#8221; border_radii=&#8221;on|10px|10px|10px|10px&#8221; border_width_all=&#8221;2px&#8221; border_color_all=&#8221;#ad3f03&#8243; global_colors_info=&#8221;{}&#8221; theme_builder_area=&#8221;post_content&#8221;]<\/p>\n<p>Approfondir la discipline en termes de d\u00e9veloppement des quatre intelligences : mentale, \u00e9motionnelle, physique et spirituelle, en recherchant un plus grand degr\u00e9 de coh\u00e9rence interne;<\/p>\n<p>[\/et_pb_text][et_pb_text _builder_version=&#8221;4.16&#8243; _module_preset=&#8221;default&#8221; text_text_color=&#8221;#000000&#8243; background_enable_color=&#8221;off&#8221; custom_padding=&#8221;25px|25px|25px|25px|false|false&#8221; animation_style=&#8221;slide&#8221; animation_direction=&#8221;left&#8221; border_radii=&#8221;on|10px|10px|10px|10px&#8221; border_width_all=&#8221;2px&#8221; border_color_all=&#8221;#ad3f03&#8243; global_colors_info=&#8221;{}&#8221; theme_builder_area=&#8221;post_content&#8221;]<\/p>\n<p>Pouvoir commencer le processus pour devenir facilitateur de nos futurs groupes et diffuser notre m\u00e9thodologie.<\/p>\n<p>[\/et_pb_text][et_pb_text _builder_version=&#8221;4.16&#8243; _module_preset=&#8221;default&#8221; text_text_color=&#8221;#000000&#8243; background_enable_color=&#8221;off&#8221; custom_padding=&#8221;25px|25px|25px|25px|false|false&#8221; animation_style=&#8221;slide&#8221; animation_direction=&#8221;left&#8221; border_radii=&#8221;on|10px|10px|10px|10px&#8221; border_width_all=&#8221;2px&#8221; border_color_all=&#8221;#ad3f03&#8243; global_colors_info=&#8221;{}&#8221; theme_builder_area=&#8221;post_content&#8221;]<\/p>\n<p>Conna\u00eetre la compr\u00e9hension des diff\u00e9rentes traditions religieuses du &#8220;champ quantique subtil&#8221;, identifier la forme personnelle d&#8217;interaction avec celui-ci et en faire l&#8217;exp\u00e9rience plus consciemment;<\/p>\n<p>[\/et_pb_text][et_pb_text _builder_version=&#8221;4.16&#8243; _module_preset=&#8221;default&#8221; text_text_color=&#8221;#000000&#8243; background_enable_color=&#8221;off&#8221; custom_padding=&#8221;25px|25px|25px|25px|false|false&#8221; animation_style=&#8221;slide&#8221; animation_direction=&#8221;left&#8221; border_radii=&#8221;on|10px|10px|10px|10px&#8221; border_width_all=&#8221;2px&#8221; border_color_all=&#8221;#ad3f03&#8243; global_colors_info=&#8221;{}&#8221; theme_builder_area=&#8221;post_content&#8221;]<\/p>\n<p>Avancer dans le Plan de Transition avec une profonde auto-interrogation sur les obstacles au processus d&#8217;alignement entre ce que vous ressentez, ce que vous dites, ce que vous pensez et ce que vous faites et trouvez des strat\u00e9gies pour aller de l&#8217;avant;<\/p>\n<p>[\/et_pb_text][\/et_pb_column][et_pb_column type=&#8221;1_2&#8243; _builder_version=&#8221;4.16&#8243; _module_preset=&#8221;default&#8221; global_colors_info=&#8221;{}&#8221; theme_builder_area=&#8221;post_content&#8221;][et_pb_text _builder_version=&#8221;4.16&#8243; _module_preset=&#8221;default&#8221; text_text_color=&#8221;#000000&#8243; background_enable_color=&#8221;off&#8221; custom_padding=&#8221;25px|25px|25px|25px|false|false&#8221; animation_style=&#8221;slide&#8221; animation_direction=&#8221;right&#8221; border_radii=&#8221;on|10px|10px|10px|10px&#8221; border_width_all=&#8221;2px&#8221; border_color_all=&#8221;#ad3f03&#8243; global_colors_info=&#8221;{}&#8221; theme_builder_area=&#8221;post_content&#8221;]<\/p>\n<p>Apprendre \u00e0 se projeter dans le futur \u00e0 partir du pass\u00e9 et du pr\u00e9sent, mieux comprendre son r\u00f4le dans le Cosmos et assumer la responsabilit\u00e9 de ce qui nous arrive, sachant que la vie se fait l&#8217;\u00e9cho de ce que nous \u00e9mettons;<\/p>\n<p>[\/et_pb_text][et_pb_text _builder_version=&#8221;4.16&#8243; _module_preset=&#8221;default&#8221; text_text_color=&#8221;#000000&#8243; background_enable_color=&#8221;off&#8221; custom_padding=&#8221;25px|25px|25px|25px|false|false&#8221; animation_style=&#8221;slide&#8221; animation_direction=&#8221;right&#8221; border_radii=&#8221;on|10px|10px|10px|10px&#8221; border_width_all=&#8221;2px&#8221; border_color_all=&#8221;#ad3f03&#8243; global_colors_info=&#8221;{}&#8221; theme_builder_area=&#8221;post_content&#8221;]<\/p>\n<p>Participer \u00e0 une dynamique de groupe pour vivre la Joie par diff\u00e9rents moyens, avec cr\u00e9ativit\u00e9 et plaisir, en se connectant \u00e0 ce sentiment qui apporte une \u00e9nergie puissante pour animer l&#8217;existence. Apprenez \u00e0 faire de la joie une boussole pour les chemins de la Vie et \u00e0 identifier la joie comme le r\u00e9sultat du chemin int\u00e9rieur de la coh\u00e9rence;<\/p>\n<p>[\/et_pb_text][et_pb_text _builder_version=&#8221;4.16&#8243; _module_preset=&#8221;default&#8221; text_text_color=&#8221;#000000&#8243; background_enable_color=&#8221;off&#8221; custom_padding=&#8221;25px|25px|25px|25px|false|false&#8221; animation_style=&#8221;slide&#8221; animation_direction=&#8221;right&#8221; border_radii=&#8221;on|10px|10px|10px|10px&#8221; border_width_all=&#8221;2px&#8221; border_color_all=&#8221;#ad3f03&#8243; global_colors_info=&#8221;{}&#8221; theme_builder_area=&#8221;post_content&#8221;]<\/p>\n<p>B\u00e9n\u00e9ficier de la participation \u00e0 une communaut\u00e9 intentionnelle et \u00e0 des groupes li\u00e9s aux \u00e9l\u00e9ments, terre, feu, eau et air, afin d&#8217;approfondir la connaissance de soi et \u00eatre entour\u00e9 de personnes qui partagent la m\u00eame qu\u00eate et sont pr\u00eates \u00e0 s&#8217;entraider pour \u00e9voluer dans le processus de transition;<\/p>\n<p>[\/et_pb_text][et_pb_text _builder_version=&#8221;4.16&#8243; _module_preset=&#8221;default&#8221; text_text_color=&#8221;#000000&#8243; background_enable_color=&#8221;off&#8221; custom_padding=&#8221;25px|25px|25px|25px|false|false&#8221; animation_style=&#8221;slide&#8221; animation_direction=&#8221;right&#8221; border_radii=&#8221;on|10px|10px|10px|10px&#8221; border_width_all=&#8221;2px&#8221; border_color_all=&#8221;#ad3f03&#8243; global_colors_info=&#8221;{}&#8221; theme_builder_area=&#8221;post_content&#8221;]<\/p>\n<p>\u00catre observ\u00e9 par les autres personnes du groupe, en particulier votre partenaire assign\u00e9, cherchant une plus grande clart\u00e9 sur votre champ de lumi\u00e8re et d&#8217;ombre afin de lui apporter de la lumi\u00e8re \u00e0 travers le processus de Transition.<\/p>\n<p>[\/et_pb_text][\/et_pb_column][\/et_pb_row][\/et_pb_section][et_pb_section fb_built=&#8221;1&#8243; _builder_version=&#8221;4.16&#8243; _module_preset=&#8221;default&#8221; global_colors_info=&#8221;{}&#8221; theme_builder_area=&#8221;post_content&#8221;][et_pb_row column_structure=&#8221;1_2,1_2&#8243; _builder_version=&#8221;4.16&#8243; _module_preset=&#8221;default&#8221; global_colors_info=&#8221;{}&#8221; theme_builder_area=&#8221;post_content&#8221;][et_pb_column type=&#8221;1_2&#8243; _builder_version=&#8221;4.16&#8243; _module_preset=&#8221;default&#8221; global_colors_info=&#8221;{}&#8221; theme_builder_area=&#8221;post_content&#8221;][et_pb_text _builder_version=&#8221;4.16&#8243; _module_preset=&#8221;default&#8221; animation_style=&#8221;slide&#8221; global_colors_info=&#8221;{}&#8221; theme_builder_area=&#8221;post_content&#8221;]<\/p>\n<h2><strong>Coordinatrice:<\/strong><\/h2>\n<p>[\/et_pb_text][\/et_pb_column][et_pb_column type=&#8221;1_2&#8243; _builder_version=&#8221;4.16&#8243; _module_preset=&#8221;default&#8221; global_colors_info=&#8221;{}&#8221; theme_builder_area=&#8221;post_content&#8221;][\/et_pb_column][\/et_pb_row][et_pb_row column_structure=&#8221;1_2,1_2&#8243; _builder_version=&#8221;4.16&#8243; _module_preset=&#8221;default&#8221; locked=&#8221;off&#8221; global_colors_info=&#8221;{}&#8221; theme_builder_area=&#8221;post_content&#8221;][et_pb_column type=&#8221;1_2&#8243; _builder_version=&#8221;4.16&#8243; _module_preset=&#8221;default&#8221; global_colors_info=&#8221;{}&#8221; theme_builder_area=&#8221;post_content&#8221;][et_pb_blurb title=&#8221;D\u00e9bora Nunes&#8221; image=&#8221;https:\/\/ecologiaintegral.com\/wp-content\/uploads\/2021\/08\/esi-debora-nunes-200.jpg&#8221; _builder_version=&#8221;4.16&#8243; _module_preset=&#8221;default&#8221; header_font=&#8221;|700|||||||&#8221; header_text_align=&#8221;center&#8221; header_text_color=&#8221;#35b51e&#8221; header_font_size=&#8221;30px&#8221; body_text_align=&#8221;center&#8221; background_color=&#8221;#f2f2f2&#8243; custom_padding=&#8221;25px|25px|25px|25px|false|false&#8221; border_radii=&#8221;on|10px|10px|10px|10px&#8221; border_radii_image=&#8221;on|360px|360px|360px|360px&#8221; border_width_all_image=&#8221;4px&#8221; border_color_all_image=&#8221;#E09900&#8243; global_colors_info=&#8221;{}&#8221; theme_builder_area=&#8221;post_content&#8221;]<\/p>\n<p>Professeure universitaire et \u00e9crivaine, D\u00e9bora est la fondatrice et la coordinatrice de l&#8217;\u00c9cole d&#8217;Ecologie Int\u00e9grative (Escola de Sustentabilidade Integral). Sa joie est de diriger une \u00e9quipe de personnes merveilleuses qui se consacrent \u00e0 aider les autres \u00e0 se transformer pour transformer le monde.<\/p>\n<p>[\/et_pb_blurb][\/et_pb_column][et_pb_column type=&#8221;1_2&#8243; _builder_version=&#8221;4.16&#8243; _module_preset=&#8221;default&#8221; global_colors_info=&#8221;{}&#8221; theme_builder_area=&#8221;post_content&#8221;][\/et_pb_column][\/et_pb_row][\/et_pb_section][et_pb_section fb_built=&#8221;1&#8243; _builder_version=&#8221;4.16&#8243; _module_preset=&#8221;default&#8221; background_color=&#8221;#ac3e02&#8243; custom_padding=&#8221;32px|||||&#8221; locked=&#8221;off&#8221; global_colors_info=&#8221;{}&#8221; theme_builder_area=&#8221;post_content&#8221;][et_pb_row _builder_version=&#8221;4.16&#8243; _module_preset=&#8221;default&#8221; global_colors_info=&#8221;{}&#8221; theme_builder_area=&#8221;post_content&#8221;][et_pb_column type=&#8221;4_4&#8243; _builder_version=&#8221;4.16&#8243; _module_preset=&#8221;default&#8221; global_colors_info=&#8221;{}&#8221; theme_builder_area=&#8221;post_content&#8221;][et_pb_text _builder_version=&#8221;4.16&#8243; _module_preset=&#8221;default&#8221; text_text_color=&#8221;#FFFFFF&#8221; header_2_font=&#8221;|700|||||||&#8221; header_2_text_align=&#8221;center&#8221; header_2_text_color=&#8221;#ffbd36&#8243; text_orientation=&#8221;center&#8221; animation_style=&#8221;slide&#8221; global_colors_info=&#8221;{}&#8221; theme_builder_area=&#8221;post_content&#8221;]<\/p>\n<h2>Participation financi\u00e8re<\/h2>\n<p><span>Nous vous proposons trois options de participation consciente selon vos moyens<\/span>\u00a0:<\/p>\n<p>[\/et_pb_text][\/et_pb_column][\/et_pb_row][et_pb_row column_structure=&#8221;1_5,1_5,1_5,1_5,1_5&#8243; use_custom_gutter=&#8221;on&#8221; gutter_width=&#8221;2&#8243; _builder_version=&#8221;4.16&#8243; _module_preset=&#8221;default&#8221; global_colors_info=&#8221;{}&#8221; theme_builder_area=&#8221;post_content&#8221;][et_pb_column type=&#8221;1_5&#8243; _builder_version=&#8221;4.16&#8243; _module_preset=&#8221;default&#8221; global_colors_info=&#8221;{}&#8221; theme_builder_area=&#8221;post_content&#8221;][\/et_pb_column][et_pb_column type=&#8221;1_5&#8243; _builder_version=&#8221;4.16&#8243; _module_preset=&#8221;default&#8221; global_colors_info=&#8221;{}&#8221; theme_builder_area=&#8221;post_content&#8221;][et_pb_text _builder_version=&#8221;4.16&#8243; _module_preset=&#8221;default&#8221; text_text_color=&#8221;#FFFFFF&#8221; background_enable_color=&#8221;off&#8221; custom_padding=&#8221;25px|25px|25px|25px|false|false&#8221; animation_style=&#8221;slide&#8221; border_radii=&#8221;on|10px|10px|10px|10px&#8221; border_width_all=&#8221;2px&#8221; border_color_all=&#8221;#ffbd36&#8243; global_colors_info=&#8221;{}&#8221; theme_builder_area=&#8221;post_content&#8221;]<\/p>\n<p style=\"text-align: center;\"><strong>Tarif r\u00e9duit<\/strong><\/p>\n<p>[\/et_pb_text][\/et_pb_column][et_pb_column type=&#8221;1_5&#8243; _builder_version=&#8221;4.16&#8243; _module_preset=&#8221;default&#8221; global_colors_info=&#8221;{}&#8221; theme_builder_area=&#8221;post_content&#8221;][et_pb_text _builder_version=&#8221;4.16&#8243; _module_preset=&#8221;default&#8221; text_text_color=&#8221;#FFFFFF&#8221; background_enable_color=&#8221;off&#8221; custom_padding=&#8221;25px|25px|25px|25px|false|false&#8221; animation_style=&#8221;slide&#8221; border_radii=&#8221;on|10px|10px|10px|10px&#8221; border_width_all=&#8221;2px&#8221; border_color_all=&#8221;#ffbd36&#8243; global_colors_info=&#8221;{}&#8221; theme_builder_area=&#8221;post_content&#8221;]<\/p>\n<p style=\"text-align: center;\"><strong>Tarif normal<\/strong><\/p>\n<p>[\/et_pb_text][\/et_pb_column][et_pb_column type=&#8221;1_5&#8243; _builder_version=&#8221;4.16&#8243; _module_preset=&#8221;default&#8221; global_colors_info=&#8221;{}&#8221; theme_builder_area=&#8221;post_content&#8221;][et_pb_text _builder_version=&#8221;4.16&#8243; _module_preset=&#8221;default&#8221; text_text_color=&#8221;#FFFFFF&#8221; background_enable_color=&#8221;off&#8221; custom_padding=&#8221;25px|25px|25px|25px|false|false&#8221; animation_style=&#8221;slide&#8221; border_radii=&#8221;on|10px|10px|10px|10px&#8221; border_width_all=&#8221;2px&#8221; border_color_all=&#8221;#ffbd36&#8243; global_colors_info=&#8221;{}&#8221; theme_builder_area=&#8221;post_content&#8221;]<\/p>\n<p style=\"text-align: center;\"><strong>Tarif soutien<\/strong><\/p>\n<p>[\/et_pb_text][\/et_pb_column][et_pb_column type=&#8221;1_5&#8243; _builder_version=&#8221;4.16&#8243; _module_preset=&#8221;default&#8221; global_colors_info=&#8221;{}&#8221; theme_builder_area=&#8221;post_content&#8221;][\/et_pb_column][\/et_pb_row][et_pb_row _builder_version=&#8221;4.16&#8243; _module_preset=&#8221;default&#8221; global_colors_info=&#8221;{}&#8221; theme_builder_area=&#8221;post_content&#8221;][et_pb_column type=&#8221;4_4&#8243; _builder_version=&#8221;4.16&#8243; _module_preset=&#8221;default&#8221; global_colors_info=&#8221;{}&#8221; theme_builder_area=&#8221;post_content&#8221;][et_pb_text _builder_version=&#8221;4.24.3&#8243; _module_preset=&#8221;default&#8221; text_text_color=&#8221;#FFFFFF&#8221; header_2_font=&#8221;|700|||||||&#8221; header_2_text_align=&#8221;center&#8221; header_2_text_color=&#8221;#ffbd36&#8243; text_orientation=&#8221;center&#8221; animation_style=&#8221;slide&#8221; hover_enabled=&#8221;0&#8243; global_colors_info=&#8221;{}&#8221; theme_builder_area=&#8221;post_content&#8221; sticky_enabled=&#8221;0&#8243;]<\/p>\n<p>Visitez Instagram (@ecoledecologieintegrative) pour des informations mises \u00e0 jour sur les prix et les cours \u00e0 venir<\/p>\n<p>[\/et_pb_text][\/et_pb_column][\/et_pb_row][\/et_pb_section][et_pb_section fb_built=&#8221;1&#8243; _builder_version=&#8221;4.16&#8243; _module_preset=&#8221;default&#8221; background_color=&#8221;#e8e8e8&#8243; custom_padding=&#8221;18px||14px|||&#8221; locked=&#8221;off&#8221; global_colors_info=&#8221;{}&#8221; theme_builder_area=&#8221;post_content&#8221;][\/et_pb_section]<\/p>\n","protected":false},"excerpt":{"rendered":"<p>Ce module s&#8217;\u00e9tend sur 4 mois (de mars \u00e0 juin ou de septembre \u00e0 d\u00e9cembre), avec 13 rencontres hebdomadaires en ligne, 3 heures chacune, en direct. Le contenu des rencontres est organis\u00e9 selon les cycles lunaires. Cela permet au groupe de s&#8217;aligner sur un \u00e9l\u00e9ment qui lui est ext\u00e9rieur et qui vient de la nature, ce qui aide \u00e0 r\u00e9guler et \u00e0 encourager l&#8217;auto-observation et stimule la dynamique collective.\u00a0 Avec la nouvelle lune, nous avons l&#8217;occasion de prendre un nouveau d\u00e9part, avec la lune croissante, nous avons le temps de structurer et de prendre forme, avec la pleine lune, nous avons l&#8217;occasion de r\u00e9colter et d&#8217;\u00e9valuer, et avec la lune d\u00e9croissante, nous avons l&#8217;espace pour cl\u00f4turer les situations non-r\u00e9solues. Ce module inclut: 39 heures de r\u00e9unions virtuelles en direct (avec des invit\u00e9s sp\u00e9ciaux, des vid\u00e9os de la collection de l&#8217;\u00c9cole, des cercles de partage et des exercices qui font appel \u00e0 nos intelligences mentale, \u00e9motionnelle, corporelle et spirituelle, entre autres activit\u00e9s) ; Acc\u00e8s \u00e0 une plateforme virtuelle avec de nouveaux supports d&#8217;apprentissage disponibles \u00e0 chaque session : vid\u00e9os, articles, activit\u00e9s pratiques pour mobiliser les quatre intelligences, conseils pour des rituels d&#8217;auto-observation, m\u00e9ditations guid\u00e9es, etc ; Acc\u00e8s \u00e0 un chat en [&hellip;]<\/p>\n","protected":false},"author":1,"featured_media":0,"parent":0,"menu_order":0,"comment_status":"closed","ping_status":"closed","template":"","meta":{"_et_pb_use_builder":"on","_et_pb_old_content":"","_et_gb_content_width":"","footnotes":""},"class_list":["post-216","page","type-page","status-publish","hentry"],"_links":{"self":[{"href":"https:\/\/ecologiaintegral.com\/fr\/wp-json\/wp\/v2\/pages\/216","targetHints":{"allow":["GET"]}}],"collection":[{"href":"https:\/\/ecologiaintegral.com\/fr\/wp-json\/wp\/v2\/pages"}],"about":[{"href":"https:\/\/ecologiaintegral.com\/fr\/wp-json\/wp\/v2\/types\/page"}],"author":[{"embeddable":true,"href":"https:\/\/ecologiaintegral.com\/fr\/wp-json\/wp\/v2\/users\/1"}],"replies":[{"embeddable":true,"href":"https:\/\/ecologiaintegral.com\/fr\/wp-json\/wp\/v2\/comments?post=216"}],"version-history":[{"count":37,"href":"https:\/\/ecologiaintegral.com\/fr\/wp-json\/wp\/v2\/pages\/216\/revisions"}],"predecessor-version":[{"id":1143,"href":"https:\/\/ecologiaintegral.com\/fr\/wp-json\/wp\/v2\/pages\/216\/revisions\/1143"}],"wp:attachment":[{"href":"https:\/\/ecologiaintegral.com\/fr\/wp-json\/wp\/v2\/media?parent=216"}],"curies":[{"name":"wp","href":"https:\/\/api.w.org\/{rel}","templated":true}]}}